{"id":2042,"date":"2019-01-10T11:37:49","date_gmt":"2019-01-10T10:37:49","guid":{"rendered":"http:\/\/labourdenne.fr\/?page_id=2042"},"modified":"2026-04-18T12:07:11","modified_gmt":"2026-04-18T11:07:11","slug":"atelier-loisirs-creatifs","status":"publish","type":"page","link":"https:\/\/labourdenne.fr\/index.php\/atelier-loisirs-creatifs\/","title":{"rendered":"Loisirs Cr\u00e9atifs"},"content":{"rendered":"\n<p class=\"has-medium-font-size\">Venez d\u00e9couvrir diff\u00e9rentes activit\u00e9s cr\u00e9atives, acqu\u00e9rir des techniques, partager vos comp\u00e9tences et d\u00e9velopper votre esprit cr\u00e9atif dans une ambiance conviviale!<\/p>\n\n\n\n<p class=\"has-medium-font-size\">Le programme s&rsquo;\u00e9laborera au fur et \u00e0 mesure des s\u00e9ances entre les membres de la section pr\u00e9sents.<\/p>\n\n\n\n<div class=\"wp-block-group\"><div class=\"wp-block-group__inner-container is-layout-constrained wp-block-group-is-layout-constrained\">\n<h2 class=\"wp-block-heading\">Quand ?<\/h2>\n\n\n\n<p class=\"has-text-align-center has-x-large-font-size\"><strong>Le lundi \u00e0 18h pour les ados et \u00e0 19h30 pour les adultes<\/strong><\/p>\n\n\n\n<p class=\"has-text-align-center has-medium-font-size\">(hors vacances scolaires)<\/p>\n\n\n\n<h2 class=\"wp-block-heading\">Planning des prochains ateliers<\/h2>\n\n\n<div class=\"wp-block-jetpack-google-calendar\"><iframe loading=\"lazy\" src=\"https:\/\/calendar.google.com\/calendar\/embed?height=600&#038;wkst=2&#038;ctz=Europe%2FParis&#038;showCalendars=0&#038;showTz=0&#038;title=Planning%20des%20ateliers%20loisirs%20cr%C3%A9atifs&#038;src=NTI5MmI5NjljMTVmMTY1ZWFhODc3MmQ2MjEwY2EzNTZmZWFjMzk1ZmQ5NWViNmFkZDQzNDZhM2ZlMDQyMmZmMUBncm91cC5jYWxlbmRhci5nb29nbGUuY29t&#038;color=%23B39DDB\" frameborder=\"0\" style=\"border:0\" scrolling=\"no\" height=\"600\" width=\"100%\" sandbox=\"allow-scripts allow-same-origin allow-popups\"><\/iframe><\/div><\/div><\/div>\n\n\n\n<div class=\"wp-block-group\"><div class=\"wp-block-group__inner-container is-layout-constrained wp-block-group-is-layout-constrained\">\n<h2 class=\"wp-block-heading\">O\u00f9 ?<\/h2>\n\n\n\n<p class=\"has-text-align-center has-x-large-font-size\">Mairie de Buzy<\/p>\n\n\n\n<iframe loading=\"lazy\" width=\"425\" height=\"350\" frameborder=\"0\" scrolling=\"no\" marginheight=\"0\" marginwidth=\"0\" src=\"https:\/\/www.openstreetmap.org\/export\/embed.html?bbox=-0.4596903920173645%2C43.133474170303394%2C-0.4565736651420594%2C43.135057667625254&amp;layer=mapnik&amp;marker=43.13426690276532%2C-0.4581320285797119\" style=\"border: 1px solid black\"><\/iframe><br><small><a href=\"https:\/\/www.openstreetmap.org\/?mlat=43.13427&amp;mlon=-0.45813#map=19\/43.13427\/-0.45813\">Afficher une carte plus grande<\/a><\/small>\n<\/div><\/div>\n\n\n\n<p>Si vous avez des question, contactez Carole en utilisant le formulaire ci-apr\u00e8s :<\/p>\n\n\n<div class=\"wp-block-jetpack-contact-form is-layout-flex wp-container-jetpack-contact-form-is-layout-026b38f8 wp-block-jetpack-contact-form-is-layout-flex\"><a href=\"https:\/\/labourdenne.fr\/index.php\/atelier-loisirs-creatifs\/\" target=\"_blank\" rel=\"noopener noreferrer\">Soumettre un formulaire.<\/a><\/div>\n\n\n<h2 class=\"wp-block-heading\">Les derniers articles de la sections<\/h2>\n\n\n<ul class=\"wp-block-latest-posts__list wp-block-latest-posts\"><li><div class=\"wp-block-latest-posts__featured-image\"><img loading=\"lazy\" decoding=\"async\" width=\"150\" height=\"150\" src=\"https:\/\/i0.wp.com\/labourdenne.fr\/wp-content\/uploads\/2020\/10\/pexels-photo-4348401.jpeg?resize=150%2C150&amp;ssl=1\" class=\"attachment-thumbnail size-thumbnail wp-post-image\" alt=\"photo of woman writing on tablet computer while using laptop\" style=\"\" srcset=\"https:\/\/i0.wp.com\/labourdenne.fr\/wp-content\/uploads\/2020\/10\/pexels-photo-4348401.jpeg?resize=150%2C150&amp;ssl=1 150w, https:\/\/i0.wp.com\/labourdenne.fr\/wp-content\/uploads\/2020\/10\/pexels-photo-4348401.jpeg?zoom=2&amp;resize=150%2C150&amp;ssl=1 300w, https:\/\/i0.wp.com\/labourdenne.fr\/wp-content\/uploads\/2020\/10\/pexels-photo-4348401.jpeg?zoom=3&amp;resize=150%2C150&amp;ssl=1 450w\" sizes=\"auto, (max-width: 150px) 100vw, 150px\" data-attachment-id=\"3105\" data-permalink=\"https:\/\/labourdenne.fr\/index.php\/2022\/05\/09\/reprise-des-ateliers-loisirs-creatifs-mai-2022\/pexels-photo-4348401\/\" data-orig-file=\"https:\/\/i0.wp.com\/labourdenne.fr\/wp-content\/uploads\/2020\/10\/pexels-photo-4348401.jpeg?fit=1880%2C1257&amp;ssl=1\" data-orig-size=\"1880,1257\" data-comments-opened=\"1\" data-image-meta=\"{&quot;aperture&quot;:&quot;0&quot;,&quot;credit&quot;:&quot;&quot;,&quot;camera&quot;:&quot;&quot;,&quot;caption&quot;:&quot;Photo by Anthony Shkraba on &lt;a href=\\&quot;https:\/\/www.pexels.com\/photo\/photo-of-woman-writing-on-tablet-computer-while-using-laptop-4348401\/\\&quot; rel=\\&quot;nofollow\\&quot;&gt;Pexels.com&lt;\/a&gt;&quot;,&quot;created_timestamp&quot;:&quot;0&quot;,&quot;copyright&quot;:&quot;&quot;,&quot;focal_length&quot;:&quot;0&quot;,&quot;iso&quot;:&quot;0&quot;,&quot;shutter_speed&quot;:&quot;0&quot;,&quot;title&quot;:&quot;photo of woman writing on tablet computer while using laptop&quot;,&quot;orientation&quot;:&quot;0&quot;}\" data-image-title=\"pexels-photo-4348401\" data-image-description=\"\" data-image-caption=\"&lt;p&gt;Photo by Anthony Shkraba on &lt;a href=&quot;https:\/\/www.pexels.com\/photo\/photo-of-woman-writing-on-tablet-computer-while-using-laptop-4348401\/&quot; rel=&quot;nofollow&quot;&gt;Pexels.com&lt;\/a&gt;&lt;\/p&gt;\n\" data-large-file=\"https:\/\/i0.wp.com\/labourdenne.fr\/wp-content\/uploads\/2020\/10\/pexels-photo-4348401.jpeg?fit=646%2C432&amp;ssl=1\" \/><\/div><a class=\"wp-block-latest-posts__post-title\" href=\"https:\/\/labourdenne.fr\/index.php\/2022\/05\/09\/reprise-des-ateliers-loisirs-creatifs-mai-2022\/\">Reprise des ateliers Loisirs Cr\u00e9atifs &#8211; mai 2022<\/a><\/li>\n<li><a class=\"wp-block-latest-posts__post-title\" href=\"https:\/\/labourdenne.fr\/index.php\/2019\/01\/21\/atelier-loisirs-creatifs-du-21-janvier-2019\/\">Atelier \u00ab\u00a0loisirs cr\u00e9atifs\u00a0\u00bb du 21 janvier 2019<\/a><\/li>\n<li><a class=\"wp-block-latest-posts__post-title\" href=\"https:\/\/labourdenne.fr\/index.php\/2019\/01\/13\/lancement-de-la-section-loisirs-creatifs\/\">Lancement de la section loisirs cr\u00e9atifs&#8230;<\/a><\/li>\n<\/ul>","protected":false},"excerpt":{"rendered":"<p>Venez d\u00e9couvrir diff\u00e9rentes activit\u00e9s cr\u00e9atives, acqu\u00e9rir des techniques, partager vos comp\u00e9tences et d\u00e9velopper votre esprit cr\u00e9atif dans une ambiance conviviale! Le programme s&rsquo;\u00e9laborera au fur et \u00e0 mesure des s\u00e9ances entre les membres de la section pr\u00e9sents. Quand ? Le lundi \u00e0 18h pour les ados et \u00e0 19h30 pour les adultes (hors vacances scolaires) [&hellip;]<\/p>\n","protected":false},"author":1,"featured_media":0,"parent":0,"menu_order":0,"comment_status":"closed","ping_status":"closed","template":"","meta":{"jetpack_post_was_ever_published":false,"footnotes":""},"class_list":["post-2042","page","type-page","status-publish","hentry"],"jetpack_sharing_enabled":true,"jetpack_shortlink":"https:\/\/wp.me\/P6WNWb-wW","jetpack-related-posts":[{"id":4,"url":"https:\/\/labourdenne.fr\/index.php\/qui-sommes-nous\/","url_meta":{"origin":2042,"position":0},"title":"Qui sommes nous ?","author":"Vincent","date":"13 novembre 2015","format":false,"excerpt":"L'association en quelques mots L'association La Bourdenne a \u00e9t\u00e9 fond\u00e9e en novembre 1997. Elle se situe \u00e0\u00a0Buzy, petite commune des Pyr\u00e9n\u00e9es Atlantiques\u00a0aux portes de la\u00a0vall\u00e9e d'Ossau. Elle a pour but de promouvoir la vie culturelle et sportive de la commune. Elle r\u00e9unit\u00a0plusieurs sections qui sont g\u00e9r\u00e9es\u00a0de mani\u00e8re plus ou moins\u2026","rel":"","context":"Article similaire","block_context":{"text":"Article similaire","link":""},"img":{"alt_text":"","src":"","width":0,"height":0},"classes":[]},{"id":4119,"url":"https:\/\/labourdenne.fr\/index.php\/inscription\/","url_meta":{"origin":2042,"position":1},"title":"Adh\u00e9sion \u00e0 l&rsquo;association","author":"Vincent","date":"26 mars 2025","format":false,"excerpt":"Pour participer aux activit\u00e9s d'une ou plusieurs sections de l'association, vous devez adh\u00e9rer \u00e0 l'association. S'inscrire Vous pouvez vous inscrire directement avec le formulaire en ligne. Pour des raisons de s\u00e9curit\u00e9, il n'est ouvert que du 1er septembre au 31 octobre, mais les inscriptions restent possible de septembre \u00e0 juin\u2026","rel":"","context":"Article similaire","block_context":{"text":"Article similaire","link":""},"img":{"alt_text":"","src":"","width":0,"height":0},"classes":[]},{"id":34,"url":"https:\/\/labourdenne.fr\/index.php\/atelier-cuisine\/","url_meta":{"origin":2042,"position":2},"title":"Cuisine","author":"Vincent","date":"25 ao\u00fbt 2022","format":false,"excerpt":"Les ateliers cuisine du monde ont repris en cette rentr\u00e9e 2025, dans le plaisir si simple de partager un bon moment autour d'un bon plat. Un samedi par mois \u00e0 partir de 17:00 \u00e0 Buzy\u00a0les marmitons se r\u00e9unissent pour partager et apprendre des recettes du monde entier. En fonction des\u2026","rel":"","context":"Article similaire","block_context":{"text":"Article similaire","link":""},"img":{"alt_text":"","src":"https:\/\/i0.wp.com\/labourdenne.fr\/wp-content\/uploads\/2023\/11\/IMG_7483-Grande.jpeg?resize=350%2C200&ssl=1","width":350,"height":200,"srcset":"https:\/\/i0.wp.com\/labourdenne.fr\/wp-content\/uploads\/2023\/11\/IMG_7483-Grande.jpeg?resize=350%2C200&ssl=1 1x, https:\/\/i0.wp.com\/labourdenne.fr\/wp-content\/uploads\/2023\/11\/IMG_7483-Grande.jpeg?resize=525%2C300&ssl=1 1.5x, https:\/\/i0.wp.com\/labourdenne.fr\/wp-content\/uploads\/2023\/11\/IMG_7483-Grande.jpeg?resize=700%2C400&ssl=1 2x, https:\/\/i0.wp.com\/labourdenne.fr\/wp-content\/uploads\/2023\/11\/IMG_7483-Grande.jpeg?resize=1050%2C600&ssl=1 3x"},"classes":[]},{"id":3750,"url":"https:\/\/labourdenne.fr\/index.php\/communs\/","url_meta":{"origin":2042,"position":3},"title":"Partage des communs (plancha, friteuse, percolateur)","author":"Vincent","date":"23 novembre 2023","format":false,"excerpt":"Toutes les associations de Buzy b\u00e9n\u00e9ficient de la possibilit\u00e9 d'emprunter du mat\u00e9riel pour l'organisation de leurs manifestations, f\u00eates et \u00e9v\u00e8nements dans le village. Dans une action de mutualisation des achats, les associations de Buzy, gr\u00e2ce au solde de la tr\u00e9sorerie de l'association BSL (r\u00e9cup\u00e9r\u00e9e \u00e0 sa dissolution) ont acquis :\u2026","rel":"","context":"Article similaire","block_context":{"text":"Article similaire","link":""},"img":{"alt_text":"","src":"","width":0,"height":0},"classes":[]},{"id":2104,"url":"https:\/\/labourdenne.fr\/index.php\/patrimoine\/","url_meta":{"origin":2042,"position":4},"title":"Patrimoine","author":"Vincent","date":"20 janvier 2019","format":false,"excerpt":"Cette section, n\u00e9e en janvier 2019 suite \u00e0 plusieurs initiatives civiques dans le cadre de l'association. Elle a pour but de r\u00e9unir des personnes d\u00e9sireuses de s'investir dans la restauration et le maintien du patrimoine de la commune. Le b\u00e2ti, les histoires de nos anciens, les paysages, les archives communales,\u2026","rel":"","context":"Article similaire","block_context":{"text":"Article similaire","link":""},"img":{"alt_text":"","src":"","width":0,"height":0},"classes":[]},{"id":25,"url":"https:\/\/labourdenne.fr\/index.php\/atelier-gym\/","url_meta":{"origin":2042,"position":5},"title":"Gym","author":"Vincent","date":"14 novembre 2015","format":false,"excerpt":"L'activit\u00e9 gymnastique se d\u00e9roule \ud83d\udcc6 Tous les mardis de 16:30 \u00e0 17:30 \ud83d\udccdA l'espace Sagette (place du Prat, Buzy) \ud83e\ude99 40 \u20ac par trimestre + adh\u00e9sion \u00e0 l'asso L'adh\u00e9sion \u00e0 l'association est obligatoire (10 \u20ac par an et par personne) Venez nous rendre visite et \u00e9ventuellement faire un essai. L'ambiance\u2026","rel":"","context":"Article similaire","block_context":{"text":"Article similaire","link":""},"img":{"alt_text":"","src":"","width":0,"height":0},"classes":[]}],"_links":{"self":[{"href":"https:\/\/labourdenne.fr\/index.php\/wp-json\/wp\/v2\/pages\/2042","targetHints":{"allow":["GET"]}}],"collection":[{"href":"https:\/\/labourdenne.fr\/index.php\/wp-json\/wp\/v2\/pages"}],"about":[{"href":"https:\/\/labourdenne.fr\/index.php\/wp-json\/wp\/v2\/types\/page"}],"author":[{"embeddable":true,"href":"https:\/\/labourdenne.fr\/index.php\/wp-json\/wp\/v2\/users\/1"}],"replies":[{"embeddable":true,"href":"https:\/\/labourdenne.fr\/index.php\/wp-json\/wp\/v2\/comments?post=2042"}],"version-history":[{"count":29,"href":"https:\/\/labourdenne.fr\/index.php\/wp-json\/wp\/v2\/pages\/2042\/revisions"}],"predecessor-version":[{"id":4533,"href":"https:\/\/labourdenne.fr\/index.php\/wp-json\/wp\/v2\/pages\/2042\/revisions\/4533"}],"wp:attachment":[{"href":"https:\/\/labourdenne.fr\/index.php\/wp-json\/wp\/v2\/media?parent=2042"}],"curies":[{"name":"wp","href":"https:\/\/api.w.org\/{rel}","templated":true}]}}